{"id":9522,"date":"2021-03-04T11:48:59","date_gmt":"2021-03-04T10:48:59","guid":{"rendered":"https:\/\/crlisboa.org\/wp\/?post_type=juris&#038;p=9522"},"modified":"2021-03-04T11:48:59","modified_gmt":"2021-03-04T10:48:59","slug":"processo-n-o-460-14-2ttvct-g1-s1","status":"publish","type":"juris","link":"https:\/\/crlisboa.org\/wp\/juris\/processo-n-o-460-14-2ttvct-g1-s1\/","title":{"rendered":"PROCESSO N.\u00ba 460\/14.2TTVCT.G1.S1"},"content":{"rendered":"<p><strong>Data<\/strong><br \/>\n5 de dezembro de 2018<\/p>\n<p><strong>Descritores<\/strong><br \/>\nAcidente de trabalho<br \/>\nAcidente <em>in itinere<\/p>\n<p><\/em><strong>Sum\u00e1rio<\/strong><br \/>\nI \u2013 O disposto nos artigos 8\u00ba, n.\u00bas 1 e 2, al\u00edneas a) e b), e 9\u00aa, n.\u00bas 1, al\u00ednea a) e 2, al\u00edneas b) e e), da Lei n.\u00ba 98\/2009, de 4 de setembro, deve ser interpretado como integrando no seu \u00e2mbito de aplica\u00e7\u00e3o o acidente ocorrido nos espa\u00e7os exteriores \u00e0 habita\u00e7\u00e3o do sinistrado, ainda antes de se entrar na via p\u00fablica, independentemente de se tratar de espa\u00e7o pr\u00f3prio deste ou de espa\u00e7o comum a outros cond\u00f3minos ou compropriet\u00e1rios, bastando que para tal j\u00e1 tenha sido transposta a porta de sa\u00edda da resid\u00eancia, desde que a v\u00edtima se desloque para o local de trabalho, segundo o trajeto normalmente utilizado e durante o per\u00edodo de tempo habitualmente gasto pelo trabalhador.<\/p>\n<p>II \u2013 Deve ser qualificado como acidente de trabalho, nos termos referidos no n\u00famero anterior, o sinistro sofrido pela autora quando, depois de ter terminado o almo\u00e7o, caminhava no logradouro da resid\u00eancia da m\u00e3e, aonde se deslocava habitualmente para tomar aquela refei\u00e7\u00e3o, em dire\u00e7\u00e3o \u00e0 sua viatura, que se encontrava estacionada na via p\u00fablica, para se dirigir ao local de trabalho.<\/p>\n<p>Fonte: <a href=\"https:\/\/www.dgsi.pt\">https:\/\/www.dgsi.pt<\/a><\/p>\n","protected":false},"excerpt":{"rendered":"<p>Data 5 de dezembro de 2018 Descritores Acidente de trabalho Acidente in itinere Sum\u00e1rio I \u2013 O disposto nos artigos 8\u00ba, n.\u00bas 1 e 2, al\u00edneas a) e b), e 9\u00aa, n.\u00bas 1, al\u00ednea a) e 2, al\u00edneas b) e e), da Lei n.\u00ba 98\/2009, de 4 de setembro, deve &hellip; <\/p>\n","protected":false},"featured_media":0,"parent":0,"template":"","juris_areas":[234],"juris_datas":[],"temas":[359],"class_list":["post-9522","juris","type-juris","status-publish","hentry","juris_areas-supremo-tribunal-de-justica","temas-laboral"],"acf":[],"_links":{"self":[{"href":"https:\/\/crlisboa.org\/wp\/wp-json\/wp\/v2\/juris\/9522","targetHints":{"allow":["GET"]}}],"collection":[{"href":"https:\/\/crlisboa.org\/wp\/wp-json\/wp\/v2\/juris"}],"about":[{"href":"https:\/\/crlisboa.org\/wp\/wp-json\/wp\/v2\/types\/juris"}],"wp:attachment":[{"href":"https:\/\/crlisboa.org\/wp\/wp-json\/wp\/v2\/media?parent=9522"}],"wp:term":[{"taxonomy":"juris_areas","embeddable":true,"href":"https:\/\/crlisboa.org\/wp\/wp-json\/wp\/v2\/juris_areas?post=9522"},{"taxonomy":"juris_datas","embeddable":true,"href":"https:\/\/crlisboa.org\/wp\/wp-json\/wp\/v2\/juris_datas?post=9522"},{"taxonomy":"temas","embeddable":true,"href":"https:\/\/crlisboa.org\/wp\/wp-json\/wp\/v2\/temas?post=9522"}],"curies":[{"name":"wp","href":"https:\/\/api.w.org\/{rel}","templated":true}]}}