{"id":17302,"date":"2022-04-13T11:42:49","date_gmt":"2022-04-13T10:42:49","guid":{"rendered":"https:\/\/crlisboa.org\/wp\/?post_type=juris&#038;p=17302"},"modified":"2022-04-18T10:23:04","modified_gmt":"2022-04-18T09:23:04","slug":"processo-n-o-3429-18-4t8sts-j-p1","status":"publish","type":"juris","link":"https:\/\/crlisboa.org\/wp\/juris\/processo-n-o-3429-18-4t8sts-j-p1\/","title":{"rendered":"PROCESSO N.\u00ba 3429\/18.4T8STS-J.P1"},"content":{"rendered":"<p><strong>Data<\/strong><br \/>\n11 de fevereiro de 2021<\/p>\n<p><strong>Descritores<\/strong><br \/>\nPrescri\u00e7\u00e3o<br \/>\nSuspens\u00e3o do prazo<br \/>\nNeglig\u00eancia do titular<br \/>\nNecessidade de protec\u00e7\u00e3o de menor ou maior acompanhado<br \/>\nAlimentos de menor<br \/>\nDireito exercido depois da maioridade<\/p>\n<p><strong>Sum\u00e1rio<\/strong><\/p>\n<p>I \u2013 A prescri\u00e7\u00e3o assente no simples decurso do tempo sem que o direito tenha sido exercido e conferindo ao benefici\u00e1rio da prescri\u00e7\u00e3o a faculdade de recusar o cumprimento \u2013 n\u00ba 1 do art\u00ba 304\u00ba do CC \u2013 tem fundamento essencialmente na neglig\u00eancia do titular do direito em exerc\u00ea-lo ainda que sejam de considerar raz\u00f5es de certeza e seguran\u00e7a jur\u00eddicas, e o interesse em proteger os devedores contra a dificuldade da prova inerente ao decurso do tempo.<\/p>\n<p>II \u2013 Nos artigos 318\u00ba a 322\u00ba, do C. Civil o legislador prev\u00ea um conjunto de situa\u00e7\u00f5es em rela\u00e7\u00e3o \u00e0s quais, por considerar certa forma justificada a in\u00e9rcia do titular do direito, prev\u00ea a suspens\u00e3o do prazo de prescri\u00e7\u00e3o fixado, obstando dessa forma a que o prazo prescricional se inicie, como seria normal a partir do momento em que o direito possa ser exigido \u2013 art\u00ba 306\u00ba\/1) do CC.<\/p>\n<p>III \u2013 Concretamente a situa\u00e7\u00e3o prevista no n\u00ba 1 do art\u00ba 320\u00ba do C. Civil, cuja aplicabilidade foi considera na decis\u00e3o recorrida, tem subjacente a necessidade de proteger os menores ou maiores acompanhados \u2013 \u201csuspens\u00e3o a favor dos menores e dos maiores acompanhados\u201d &#8211; das consequ\u00eancias que para si resultariam de, por n\u00e3o terem quem os represente, ou por in\u00e9rcia ou neglig\u00eancia do seu representante legal, o direito que lhes assiste n\u00e3o ter sido atempadamente exercido.<\/p>\n<p>IV \u2013 Este fundamento ou raz\u00e3o de ser n\u00e3o se verifica quando o direito a alimentos de que era benefici\u00e1rio o menor \u00e9 exercido j\u00e1 depois da sua maioridade, pelo progenitor com quem vivia, e que sub-rogando-se aquele, se apresenta a reclamar do outro progenitor os alimentos vencidos e n\u00e3o pagos.<\/p>\n<p>Fonte: <a href=\"https:\/\/www.dgsi.pt\">https:\/\/www.dgsi.pt<\/a><\/p>\n","protected":false},"excerpt":{"rendered":"<p>Data 11 de fevereiro de 2021 Descritores Prescri\u00e7\u00e3o Suspens\u00e3o do prazo Neglig\u00eancia do titular Necessidade de protec\u00e7\u00e3o de menor ou maior acompanhado Alimentos de menor Direito exercido depois da maioridade Sum\u00e1rio I \u2013 A prescri\u00e7\u00e3o assente no simples decurso do tempo sem que o direito tenha sido exercido e conferindo &hellip; <\/p>\n","protected":false},"featured_media":0,"parent":0,"template":"","juris_areas":[235],"juris_datas":[],"temas":[466],"class_list":["post-17302","juris","type-juris","status-publish","hentry","juris_areas-tribunal-da-relacao-do-porto","temas-regime-do-maior-acompanhado"],"acf":[],"_links":{"self":[{"href":"https:\/\/crlisboa.org\/wp\/wp-json\/wp\/v2\/juris\/17302","targetHints":{"allow":["GET"]}}],"collection":[{"href":"https:\/\/crlisboa.org\/wp\/wp-json\/wp\/v2\/juris"}],"about":[{"href":"https:\/\/crlisboa.org\/wp\/wp-json\/wp\/v2\/types\/juris"}],"wp:attachment":[{"href":"https:\/\/crlisboa.org\/wp\/wp-json\/wp\/v2\/media?parent=17302"}],"wp:term":[{"taxonomy":"juris_areas","embeddable":true,"href":"https:\/\/crlisboa.org\/wp\/wp-json\/wp\/v2\/juris_areas?post=17302"},{"taxonomy":"juris_datas","embeddable":true,"href":"https:\/\/crlisboa.org\/wp\/wp-json\/wp\/v2\/juris_datas?post=17302"},{"taxonomy":"temas","embeddable":true,"href":"https:\/\/crlisboa.org\/wp\/wp-json\/wp\/v2\/temas?post=17302"}],"curies":[{"name":"wp","href":"https:\/\/api.w.org\/{rel}","templated":true}]}}