{"id":15705,"date":"2022-01-24T10:44:20","date_gmt":"2022-01-24T09:44:20","guid":{"rendered":"https:\/\/crlisboa.org\/wp\/?post_type=juris&#038;p=15705"},"modified":"2022-01-24T10:44:20","modified_gmt":"2022-01-24T09:44:20","slug":"processo-n-o-850-02-3gafaf-a-g1","status":"publish","type":"juris","link":"https:\/\/crlisboa.org\/wp\/juris\/processo-n-o-850-02-3gafaf-a-g1\/","title":{"rendered":"PROCESSO N.\u00ba 850\/02.3GAFAF-A.G1"},"content":{"rendered":"<p><strong>Data<\/strong><br \/>\n10 de janeiro de 2022<\/p>\n<p><strong>Descritores<\/strong><br \/>\nPena de pris\u00e3o<br \/>\nDesconto<br \/>\nMedidas restritivas da liberdade<\/p>\n<p><strong>Sum\u00e1rio<\/strong><br \/>\nI \u2013 O conceito de \u201cdeten\u00e7\u00e3o\u201d constante do artigo 26.\u00ba, n\u00ba 1 da Decis\u00e3o Quadro 2002\/584, na ace\u00e7\u00e3o desta disposi\u00e7\u00e3o, n\u00e3o designa uma medida restritiva mas sim uma medida privativa de liberdade.<\/p>\n<p>II \u2013 A medida de fian\u00e7a com condi\u00e7\u00f5es, no \u00e2mbito de um processo de extradi\u00e7\u00e3o, aplicada pelo Westminster Magistrates Court, que consistia nomeadamente na obriga\u00e7\u00e3o de perman\u00eancia do arguido\/recorrente dentro de casa na sua morada de resid\u00eancia (ou em qualquer outra morada que o tribunal lhe tenha dito para residir), todos os dias, entre a 00:00 (meia noite) e as 4:00 da manh\u00e3, constitui uma medida de natureza jurisdicional que n\u00e3o reveste a natureza de medida privativa da liberdade.<\/p>\n<p>III \u2013 Consubstanciando apenas uma medida restritiva da liberdade, esse tempo de perman\u00eancia de 4 horas noturnas di\u00e1rias na habita\u00e7\u00e3o, n\u00e3o \u00e9 de descontar ao cumprimento da pena de pris\u00e3o efetiva aplicada em Portugal ao arguido.<\/p>\n<p>Fonte: <a href=\"https:\/\/www.dgsi.pt\">https:\/\/www.dgsi.pt<\/a><\/p>\n","protected":false},"excerpt":{"rendered":"<p>Data 10 de janeiro de 2022 Descritores Pena de pris\u00e3o Desconto Medidas restritivas da liberdade Sum\u00e1rio I \u2013 O conceito de \u201cdeten\u00e7\u00e3o\u201d constante do artigo 26.\u00ba, n\u00ba 1 da Decis\u00e3o Quadro 2002\/584, na ace\u00e7\u00e3o desta disposi\u00e7\u00e3o, n\u00e3o designa uma medida restritiva mas sim uma medida privativa de liberdade. II \u2013 &hellip; <\/p>\n","protected":false},"featured_media":0,"parent":0,"template":"","juris_areas":[228],"juris_datas":[452],"temas":[],"class_list":["post-15705","juris","type-juris","status-publish","hentry","juris_areas-tribunal-da-relacao-de-guimaraes","juris_datas-17-01-a-23-01-de-2022"],"acf":[],"_links":{"self":[{"href":"https:\/\/crlisboa.org\/wp\/wp-json\/wp\/v2\/juris\/15705","targetHints":{"allow":["GET"]}}],"collection":[{"href":"https:\/\/crlisboa.org\/wp\/wp-json\/wp\/v2\/juris"}],"about":[{"href":"https:\/\/crlisboa.org\/wp\/wp-json\/wp\/v2\/types\/juris"}],"wp:attachment":[{"href":"https:\/\/crlisboa.org\/wp\/wp-json\/wp\/v2\/media?parent=15705"}],"wp:term":[{"taxonomy":"juris_areas","embeddable":true,"href":"https:\/\/crlisboa.org\/wp\/wp-json\/wp\/v2\/juris_areas?post=15705"},{"taxonomy":"juris_datas","embeddable":true,"href":"https:\/\/crlisboa.org\/wp\/wp-json\/wp\/v2\/juris_datas?post=15705"},{"taxonomy":"temas","embeddable":true,"href":"https:\/\/crlisboa.org\/wp\/wp-json\/wp\/v2\/temas?post=15705"}],"curies":[{"name":"wp","href":"https:\/\/api.w.org\/{rel}","templated":true}]}}