{"id":11711,"date":"2021-07-26T15:22:33","date_gmt":"2021-07-26T14:22:33","guid":{"rendered":"https:\/\/crlisboa.org\/wp\/?post_type=juris&#038;p=11711"},"modified":"2021-07-26T15:22:48","modified_gmt":"2021-07-26T14:22:48","slug":"processo-n-o-3007-17-5t8bcl-a-g1","status":"publish","type":"juris","link":"https:\/\/crlisboa.org\/wp\/juris\/processo-n-o-3007-17-5t8bcl-a-g1\/","title":{"rendered":"PROCESSO N.\u00ba 3007\/17.5T8BCL-A.G1"},"content":{"rendered":"<p><strong>Data<\/strong><br \/>\n5 de novembro de 2020<\/p>\n<p><strong>Descritores<\/strong><br \/>\nAltera\u00e7\u00e3o do regime de atribui\u00e7\u00e3o da casa de morada de fam\u00edlia<br \/>\nIneptid\u00e3o da peti\u00e7\u00e3o inicial<br \/>\nConvite ao aperfei\u00e7oamento<\/p>\n<p><strong>Vota\u00e7\u00e3o<\/strong><\/p>\n<p>MAIORIA COM * DEC VOT E * VOT VENC<\/p>\n<p><strong>Sum\u00e1rio<\/strong><\/p>\n<p>1) A <em>altera\u00e7\u00e3o<\/em> do <em>regime fixado<\/em> quanto \u00e0 <em>atribui\u00e7\u00e3o da casa de morada de fam\u00edlia<\/em> pedida nos termos dos art\u00bas 1793\u00ba, do CC, e 990\u00ba, do CPC, constitui um <em>incidente<\/em> sujeito \u00e0 disciplina adjectiva do <em>processo especial<\/em> de <em>jurisdi\u00e7\u00e3o volunt\u00e1ria<\/em>.<\/p>\n<p>2) Mesmo na <em>jurisdi\u00e7\u00e3o contenciosa<\/em> e no <em>processo comum<\/em>, fruto da evolu\u00e7\u00e3o da respectiva <em>filosofia jur\u00eddica<\/em> no sentido de potenciar as decis\u00f5es de <em>m\u00e9rito<\/em> em detrimento das de <em>forma<\/em> e em que, por isso, as regras mais r\u00edgidas emanadas do <em>princ\u00edpio dispositivo<\/em> cederam \u00e0s mais flex\u00edveis inspiradas no do <em>inquisit\u00f3rio, <\/em>assim ampliando as possibilidades de interven\u00e7\u00e3o <em>oficiosa<\/em> do juiz, o <em>\u00f3nus<\/em> de alega\u00e7\u00e3o dos <em>factos essenciais<\/em> \u00e0 proced\u00eancia da pretens\u00e3o est\u00e1 hoje mais atenuado.<\/p>\n<p>3) Da\u00ed que o sentido e alcance da <em>ineptid\u00e3o<\/em> geradora da <em>nulidade de todo o processo<\/em> quando fundada na <em>falta de causa de pedir<\/em> devam entender-se e aplicar-se em conformidade com aquela <em>perspectiva<\/em> e em <em>fun\u00e7\u00e3o<\/em> de um <em>conceito<\/em> de tal elemento mais ajustado \u00e0 mesma.<\/p>\n<p>4) N\u00e3o se concebendo que o processo de <em>jurisdi\u00e7\u00e3o volunt\u00e1ria<\/em>, apesar dos seus <em>princ\u00edpios e regras espec\u00edficos<\/em>, possa, de todo, prescindir de um <em>pedido<\/em> do interessado e da alega\u00e7\u00e3o de uma <em>causa de pedir<\/em> que baseie a interven\u00e7\u00e3o judicial, este pressuposto deve considerar-se <em>mitigado<\/em> e as exig\u00eancias de alega\u00e7\u00e3o mais <em>flex\u00edveis<\/em>.<\/p>\n<p>5) Se, em <em>requerimento<\/em>, um dos ex-c\u00f4njuges peticiona, nos termos dos art\u00bas 990\u00ba, n\u00ba 1, CPC, e 1793\u00ba, n\u00ba 1, CC, invocados, que seja <em>alterado<\/em> o regime de utiliza\u00e7\u00e3o da <em>casa de morada de fam\u00edlia<\/em> (antes fixado, como de <em>utiliza\u00e7\u00e3o conjunta<\/em> at\u00e9 \u00e0 partilha) para<em> utiliza\u00e7\u00e3o exclusiva<\/em>, existe <em>pedido<\/em> formulado, claro e conciso.<\/p>\n<p>6) Se no mesmo requerimento se alegou que o requerido \u201c<em>mudou as fechaduras<\/em>\u201d para impedir o acesso da autora \u00e0 casa e \u201c<em>sempre que ultimamente<\/em>\u201d ela se l\u00e1 procura deslocar, ele \u201c<em>n\u00e3o s\u00f3 a impede como a amea\u00e7a de morte<\/em>\u201d e afirma que \u201c<em>algu\u00e9m o far\u00e1<\/em>\u201d; a habita\u00e7\u00e3o conjunta \u201c<em>\u00e9 totalmente imposs\u00edvel<\/em>\u201d porque \u201c<em>j\u00e1 correram autos de viol\u00eancia dom\u00e9stica contra o r\u00e9u<\/em>\u201d; foi por isso que a requerente \u201c<em>se viu obrigada a deixar a habita\u00e7\u00e3o<\/em>\u201d e \u201c<em>tendo arrendado um apartamento<\/em>\u201d onde vive mas que \u201c<em>tem muitas dificuldades em manter<\/em>\u201d porque \u201c<em>vive apenas da sua magra reforma<\/em>\u201d e \u201c<em>n\u00e3o tem possibilidades econ\u00f3micas<\/em>\u201d; em contrapartida, o requerido \u201c<em>deixou de dormir e confeccionar as suas refei\u00e7\u00f5es<\/em>\u201d na dita casa porque o faz na \u201c<em>da companheira com quem vive<\/em>\u201d, \u201c<em>retirou<\/em>\u201d dela \u201c<em>muito do seu recheio<\/em>\u201d, auferindo ele reforma \u201c<em>choruda<\/em>\u201d \u2013 existe <em>causa de pedir<\/em> e a peti\u00e7\u00e3o n\u00e3o \u00e9 <em>inepta<\/em> uma vez que est\u00e3o, m\u00ednima e concretamente, alegados <em>factos supervenientes com base nos quais entende dever alterar-se o decidido antes e ser-lhe atribu\u00eddo tal direito em exclusivo<\/em> (art\u00ba 990\u00ba, n\u00ba 1, CPC).<\/p>\n<p>7) A <em>insufici\u00eancia<\/em> ou <em>imprecis\u00e3o<\/em> do requerimento podem ser colmatadas n\u00e3o s\u00f3 por via do <em>convite ao seu aperfei\u00e7oamento<\/em> (art\u00ba 590\u00ba, n\u00ba 2, al\u00ednea b), e 4), como pelo da considera\u00e7\u00e3o de <em>factos relevantes<\/em> e a esse respeito resultantes da <em>instru\u00e7\u00e3o<\/em> (art\u00ba 5\u00ba, n\u00ba 2) como, ainda, da <em>investiga\u00e7\u00e3o livre<\/em> dos factos e das dilig\u00eancias que (como a requisi\u00e7\u00e3o de documentos) para tal forem entendidas como convenientes, vias estas cometidas ao juiz (art\u00bas 986\u00ba, n\u00ba 2, e 990\u00ba, n\u00ba 3).<\/p>\n<p>Fonte: <a href=\"https:\/\/www.dgsi.pt\">https:\/\/www.dgsi.pt<\/a><\/p>\n","protected":false},"excerpt":{"rendered":"<p>Data 5 de novembro de 2020 Descritores Altera\u00e7\u00e3o do regime de atribui\u00e7\u00e3o da casa de morada de fam\u00edlia Ineptid\u00e3o da peti\u00e7\u00e3o inicial Convite ao aperfei\u00e7oamento Vota\u00e7\u00e3o MAIORIA COM * DEC VOT E * VOT VENC Sum\u00e1rio 1) A altera\u00e7\u00e3o do regime fixado quanto \u00e0 atribui\u00e7\u00e3o da casa de morada de &hellip; <\/p>\n","protected":false},"featured_media":0,"parent":0,"template":"","juris_areas":[228],"juris_datas":[],"temas":[410],"class_list":["post-11711","juris","type-juris","status-publish","hentry","juris_areas-tribunal-da-relacao-de-guimaraes","temas-direito-da-familia-e-das-criancas"],"acf":[],"_links":{"self":[{"href":"https:\/\/crlisboa.org\/wp\/wp-json\/wp\/v2\/juris\/11711","targetHints":{"allow":["GET"]}}],"collection":[{"href":"https:\/\/crlisboa.org\/wp\/wp-json\/wp\/v2\/juris"}],"about":[{"href":"https:\/\/crlisboa.org\/wp\/wp-json\/wp\/v2\/types\/juris"}],"wp:attachment":[{"href":"https:\/\/crlisboa.org\/wp\/wp-json\/wp\/v2\/media?parent=11711"}],"wp:term":[{"taxonomy":"juris_areas","embeddable":true,"href":"https:\/\/crlisboa.org\/wp\/wp-json\/wp\/v2\/juris_areas?post=11711"},{"taxonomy":"juris_datas","embeddable":true,"href":"https:\/\/crlisboa.org\/wp\/wp-json\/wp\/v2\/juris_datas?post=11711"},{"taxonomy":"temas","embeddable":true,"href":"https:\/\/crlisboa.org\/wp\/wp-json\/wp\/v2\/temas?post=11711"}],"curies":[{"name":"wp","href":"https:\/\/api.w.org\/{rel}","templated":true}]}}