{"id":11184,"date":"2021-06-21T10:33:47","date_gmt":"2021-06-21T09:33:47","guid":{"rendered":"https:\/\/crlisboa.org\/wp\/?post_type=juris&#038;p=11184"},"modified":"2021-06-21T10:33:47","modified_gmt":"2021-06-21T09:33:47","slug":"processo-n-o-3534-20-7t8vnf-g1","status":"publish","type":"juris","link":"https:\/\/crlisboa.org\/wp\/juris\/processo-n-o-3534-20-7t8vnf-g1\/","title":{"rendered":"PROCESSO N.\u00ba 3534\/20.7T8VNF.G1"},"content":{"rendered":"<p><strong>Data<\/strong><br \/>\n2 de junho de 2021<\/p>\n<p><strong>Descritores<\/strong><br \/>\nContrato de trabalho<br \/>\nResolu\u00e7\u00e3o com justa causa<br \/>\nFalta de pagamento de retribui\u00e7\u00e3o<br \/>\nEstado de emerg\u00eancia<\/p>\n<p><strong>Sum\u00e1rio<\/strong><br \/>\n<strong>Sum\u00e1rio (elaborado pela Relatora):<\/strong><\/p>\n<ol>\n<li>A declara\u00e7\u00e3o de estado de emerg\u00eancia com fundamento na verifica\u00e7\u00e3o de uma situa\u00e7\u00e3o de calamidade p\u00fablica, e consequente suspens\u00e3o da actividade das r\u00e9s empregadoras, a partir de 18\/03\/2020, com a inerente incapacidade de gerar receitas enquanto a situa\u00e7\u00e3o se mantivesse, e que veio efectivamente a manter-se, justifica, pela sua anomalia, imprevisibilidade e imputabilidade a terceiro, um ju\u00edzo de exclus\u00e3o da censurabilidade da conduta daquelas no que tange \u00e0 verifica\u00e7\u00e3o, em 1 de Abril de 2020, de atraso de 1 dia no pagamento da retribui\u00e7\u00e3o de Mar\u00e7o, o mesmo n\u00e3o sucedendo com o atraso de 32 dias no pagamento de parte da retribui\u00e7\u00e3o de Fevereiro.<\/li>\n<li>Atendendo a que a trabalhadora se vinha mantendo ao servi\u00e7o h\u00e1 27 anos e 7 meses, sendo certo que, por vezes, os pagamentos das retribui\u00e7\u00f5es eram fraccionados, tanto assim que a quantia em falta veio a ser paga em 15\/04\/2020, a conduta culposa das empregadoras, atento o concreto valor (243,28 \u20ac) e atraso (32 dias), n\u00e3o evidenciava gravidade e consequ\u00eancias que justificassem a ruptura da rela\u00e7\u00e3o laboral pela trabalhadora com direito a indemniza\u00e7\u00e3o, nos termos dos arts. 394.\u00ba, n.\u00bas 1 e 2, al. a) e 396.\u00ba do C\u00f3digo do Trabalho.<\/li>\n<li>A impossibilidade objectiva, n\u00e3o culposa, de pagamento das retribui\u00e7\u00f5es vencidas posteriormente \u00e0 suspens\u00e3o da actividade das r\u00e9s empregadoras, por for\u00e7a da declara\u00e7\u00e3o do estado de emerg\u00eancia, constitu\u00eda justa causa de resolu\u00e7\u00e3o do contrato de trabalho, mas sem direito a indemniza\u00e7\u00e3o, nos termos do art. 394.\u00ba, n.\u00bas 1 e 3, al. c) do C\u00f3digo do Trabalho.<\/li>\n<\/ol>\n<p>Alda Martins<\/p>\n<p>Fonte: <a href=\"https:\/\/www.dgsi.pt\">https:\/\/www.dgsi.pt<\/a><\/p>\n","protected":false},"excerpt":{"rendered":"<p>Data 2 de junho de 2021 Descritores Contrato de trabalho Resolu\u00e7\u00e3o com justa causa Falta de pagamento de retribui\u00e7\u00e3o Estado de emerg\u00eancia Sum\u00e1rio Sum\u00e1rio (elaborado pela Relatora): A declara\u00e7\u00e3o de estado de emerg\u00eancia com fundamento na verifica\u00e7\u00e3o de uma situa\u00e7\u00e3o de calamidade p\u00fablica, e consequente suspens\u00e3o da actividade das r\u00e9s &hellip; <\/p>\n","protected":false},"featured_media":0,"parent":0,"template":"","juris_areas":[228],"juris_datas":[390],"temas":[],"class_list":["post-11184","juris","type-juris","status-publish","hentry","juris_areas-tribunal-da-relacao-de-guimaraes","juris_datas-14-06-a-20-06-de-2021"],"acf":[],"_links":{"self":[{"href":"https:\/\/crlisboa.org\/wp\/wp-json\/wp\/v2\/juris\/11184","targetHints":{"allow":["GET"]}}],"collection":[{"href":"https:\/\/crlisboa.org\/wp\/wp-json\/wp\/v2\/juris"}],"about":[{"href":"https:\/\/crlisboa.org\/wp\/wp-json\/wp\/v2\/types\/juris"}],"wp:attachment":[{"href":"https:\/\/crlisboa.org\/wp\/wp-json\/wp\/v2\/media?parent=11184"}],"wp:term":[{"taxonomy":"juris_areas","embeddable":true,"href":"https:\/\/crlisboa.org\/wp\/wp-json\/wp\/v2\/juris_areas?post=11184"},{"taxonomy":"juris_datas","embeddable":true,"href":"https:\/\/crlisboa.org\/wp\/wp-json\/wp\/v2\/juris_datas?post=11184"},{"taxonomy":"temas","embeddable":true,"href":"https:\/\/crlisboa.org\/wp\/wp-json\/wp\/v2\/temas?post=11184"}],"curies":[{"name":"wp","href":"https:\/\/api.w.org\/{rel}","templated":true}]}}