{"id":10061,"date":"2021-04-07T09:44:44","date_gmt":"2021-04-07T08:44:44","guid":{"rendered":"https:\/\/crlisboa.org\/wp\/?post_type=juris&#038;p=10061"},"modified":"2021-04-07T10:21:05","modified_gmt":"2021-04-07T09:21:05","slug":"processo-n-o-746-15-9txlsb-m-s1","status":"publish","type":"juris","link":"https:\/\/crlisboa.org\/wp\/juris\/processo-n-o-746-15-9txlsb-m-s1\/","title":{"rendered":"PROCESSO N.\u00ba 746\/15.9TXLSB-M.S1"},"content":{"rendered":"<p><strong>Data<\/strong><br \/>\n6 de maio de 2020<\/p>\n<p><strong>Descritores<\/strong><br \/>\nHabeas corpus<br \/>\nFinalidade<br \/>\nPerd\u00e3o de penas<br \/>\nCumprimento integral da pena<br \/>\nLiberdade condicional obrigat\u00f3ria<\/p>\n<p><strong>Sum\u00e1rio<\/strong><br \/>\nI. O habeas corpus fundado na invoca\u00e7\u00e3o de pris\u00e3o ilegal por abuso de poder \u00e9 um procedimento especial, visando obter o restabelecimento do direito constitucional \u00e0 liberdade pessoal, vulnerado por uma pris\u00e3o ordenada, autorizada ou executada fora das condi\u00e7\u00f5es legais ou que sendo originariamente legal se mant\u00e9m para al\u00e9m do tempo ou da medida judicialmente decretada ou em condi\u00e7\u00f5es ilegais.<\/p>\n<p>II. O art.\u00ba 222\u00ba n.\u00ba 2 do CPP tem como denominador comum configurar situa\u00e7\u00f5es extremas de deten\u00e7\u00e3o ou pris\u00e3o determinadas com abuso de poder ou por erro grave e erro grosseiro na aplica\u00e7\u00e3o do direito.<\/p>\n<p>III. Conquanto n\u00e3o resulte de condena\u00e7\u00e3o por crime exclu\u00eddo do perd\u00e3o, o regime excecional aprovado pela Lei n.\u00ba 9\/2020 de 10\/04, perdoa aos reclusos que em 11 de abril de 2020 estavam a cumprir pena, por decis\u00e3o judicial definitiva:<br \/>\n&#8211; a totalidade da pena fixada na decis\u00e3o condenat\u00f3ria em medida igual ou inferior a 2 anos de pris\u00e3o (art.\u00ba 2\u00ba n.\u00ba 1);<br \/>\n&#8211; at\u00e9 dois anos da pena de pris\u00e3o fixada na decis\u00e3o condenat\u00f3ria em medida superior, mediante a verifica\u00e7\u00e3o de dois requisitos cumulativos (art.\u00ba 2\u00ba n.\u00ba 2):<br \/>\n&#8211; estivesse j\u00e1 cumprida metade;<br \/>\n&#8211; para a cumprimento integral faltassem menos de 2 anos.<br \/>\n&#8211; a pris\u00e3o subsidi\u00e1ria da pena de multa e a pris\u00e3o de substitui\u00e7\u00e3o da pena de multa (art.\u00ba 2\u00ba n.\u00ba 3).<\/p>\n<p>IV. A liberdade condicional obrigat\u00f3ria \u00e9 uma fase de cumprimento \u2013 ou de experimenta\u00e7\u00e3o da execu\u00e7\u00e3o \u2013, em liberdade da parte final das penas longas de pris\u00e3o. Mas n\u00e3o \u00e9, contrariamente ao que parece informar a alega\u00e7\u00e3o do recorrente, o termo final do cumprimento da pena de pris\u00e3o aplicada e fixada na decis\u00e3o condenat\u00f3ria.<\/p>\n<p>V. A liberdade condicional obrigat\u00f3ria n\u00e3o preenche o conceito de cumprimento integral da pena e, consequentemente, a data da sua futura concess\u00e3o n\u00e3o tem relev\u00e2ncia para o perd\u00e3o da parte da pena, previsto na Lei n.\u00ba 9\/2020.<\/p>\n<p>Fonte: <a href=\"https:\/\/jurisprudencia.csm.org.pt\">https:\/\/jurisprudencia.csm.org.pt<\/a><\/p>\n","protected":false},"excerpt":{"rendered":"<p>Data 6 de maio de 2020 Descritores Habeas corpus Finalidade Perd\u00e3o de penas Cumprimento integral da pena Liberdade condicional obrigat\u00f3ria Sum\u00e1rio I. O habeas corpus fundado na invoca\u00e7\u00e3o de pris\u00e3o ilegal por abuso de poder \u00e9 um procedimento especial, visando obter o restabelecimento do direito constitucional \u00e0 liberdade pessoal, vulnerado &hellip; <\/p>\n","protected":false},"featured_media":0,"parent":0,"template":"","juris_areas":[234],"juris_datas":[],"temas":[370],"class_list":["post-10061","juris","type-juris","status-publish","hentry","juris_areas-supremo-tribunal-de-justica","temas-covid"],"acf":[],"_links":{"self":[{"href":"https:\/\/crlisboa.org\/wp\/wp-json\/wp\/v2\/juris\/10061","targetHints":{"allow":["GET"]}}],"collection":[{"href":"https:\/\/crlisboa.org\/wp\/wp-json\/wp\/v2\/juris"}],"about":[{"href":"https:\/\/crlisboa.org\/wp\/wp-json\/wp\/v2\/types\/juris"}],"wp:attachment":[{"href":"https:\/\/crlisboa.org\/wp\/wp-json\/wp\/v2\/media?parent=10061"}],"wp:term":[{"taxonomy":"juris_areas","embeddable":true,"href":"https:\/\/crlisboa.org\/wp\/wp-json\/wp\/v2\/juris_areas?post=10061"},{"taxonomy":"juris_datas","embeddable":true,"href":"https:\/\/crlisboa.org\/wp\/wp-json\/wp\/v2\/juris_datas?post=10061"},{"taxonomy":"temas","embeddable":true,"href":"https:\/\/crlisboa.org\/wp\/wp-json\/wp\/v2\/temas?post=10061"}],"curies":[{"name":"wp","href":"https:\/\/api.w.org\/{rel}","templated":true}]}}